{"id":300,"date":"2014-12-17T10:55:25","date_gmt":"2014-12-17T10:55:25","guid":{"rendered":"http:\/\/giselafernandez.es\/wordpress\/?page_id=300"},"modified":"2018-10-03T15:45:48","modified_gmt":"2018-10-03T15:45:48","slug":"sobre-mi","status":"publish","type":"page","link":"https:\/\/giselafernandez.es\/wordpress\/sobre-mi\/","title":{"rendered":"SOBRE MI"},"content":{"rendered":"<div class=\"su-row\"><\/div><div class=\"su-column su-column-size-1-2\"><div class=\"su-column-inner su-u-clearfix su-u-trim\"><a href=\"https:\/\/giselafernandez.es\/wordpress\/wp-content\/uploads\/2018\/10\/sobre-mi-foto-gisela-2018.jpg\"><img loading=\"lazy\" decoding=\"async\" class=\"alignleft wp-image-2622 size-full\" src=\"https:\/\/giselafernandez.es\/wordpress\/wp-content\/uploads\/2018\/10\/sobre-mi-foto-gisela-2018.jpg\" alt=\"\" width=\"1728\" height=\"1152\" srcset=\"https:\/\/giselafernandez.es\/wordpress\/wp-content\/uploads\/2018\/10\/sobre-mi-foto-gisela-2018.jpg 1728w, https:\/\/giselafernandez.es\/wordpress\/wp-content\/uploads\/2018\/10\/sobre-mi-foto-gisela-2018-300x200.jpg 300w, https:\/\/giselafernandez.es\/wordpress\/wp-content\/uploads\/2018\/10\/sobre-mi-foto-gisela-2018-768x512.jpg 768w, https:\/\/giselafernandez.es\/wordpress\/wp-content\/uploads\/2018\/10\/sobre-mi-foto-gisela-2018-1024x683.jpg 1024w, https:\/\/giselafernandez.es\/wordpress\/wp-content\/uploads\/2018\/10\/sobre-mi-foto-gisela-2018-225x150.jpg 225w, https:\/\/giselafernandez.es\/wordpress\/wp-content\/uploads\/2018\/10\/sobre-mi-foto-gisela-2018-150x100.jpg 150w\" sizes=\"auto, (max-width: 1728px) 100vw, 1728px\" \/><\/a><\/p>\n<p>Foto: <a href=\"http:\/\/www.estudioa-2.com\/\" target=\"_blank\" rel=\"noopener\">Arturo Mart\u00ednez<\/a><\/p>\n<\/div><\/div> <div class=\"su-column su-column-size-1-2\"><div class=\"su-column-inner su-u-clearfix su-u-trim\"><\/div><\/div>\n<p>Gracias por interesarte en mi p\u00e1gina, espero qu\u00e9 disfrutes recorri\u00e9ndola.<\/p>\n<p>Soy <strong>Gisela Fern\u00e1ndez<\/strong> nacida en Valencia, desarrollo mi trabajo en el campo del dise\u00f1o gr\u00e1fico y la ilustraci\u00f3n desde 2000, actualmente como freelance.<\/p>\n<p>Estudi\u00e9 ilustraci\u00f3n en la escuela de Artes y Oficios, tambi\u00e9n arte y dise\u00f1o en la facultad de Bellas Artes de Valencia.<\/p>\n<p>Paralelamente a mi labor como dise\u00f1adora desarrollo proyectos de car\u00e1cter personal en el campo del arte (<strong>grabado<\/strong>,<strong> pintura...<\/strong>).<\/p>\n<p>SERVICIOS<\/p>\n<p><strong>Ilustraci\u00f3n, dise\u00f1o gr\u00e1fico, retoque fotogr\u00e1fico, maquetaci\u00f3n, publicidad, dise\u00f1o de producto, escaparatismo, decoraci\u00f3n de objetos, maquetas<\/strong>.<\/p>\n<p>Si tienes alguna pregunta o te gustar\u00eda hacerme una propuesta... \u00a1h\u00e1zmelo saber, por favor!<\/p>\n<p><a href=\"mailto:info@giselafernandez.es\" target=\"_blank\" rel=\"noopener\">info@giselafernandez.es<\/a><\/p>\n<p>&nbsp;<\/p>\n<p>&nbsp;<\/p>\n<p><a href=\"https:\/\/www.facebook.com\/giselafernandezcreativa\/\" target=\"_blank\" rel=\"noopener\">FACEBOOK<\/a><\/p>\n<p><a href=\"https:\/\/www.linkedin.com\/in\/giselafernandezcreatividad\/\" target=\"_blank\" rel=\"noopener\">LINKEDIN<\/a><\/p>\n<p><a href=\"http:\/\/giselafernandezilustracion.tumblr.com\/\" target=\"_blank\" rel=\"noopener\">TUMBLR<\/a><\/p>\n","protected":false},"excerpt":{"rendered":"<p>Gracias por interesarte en mi p\u00e1gina, espero qu\u00e9 disfrutes recorri\u00e9ndola. Soy Gisela Fern\u00e1ndez nacida en Valencia, desarrollo mi trabajo en el campo del dise\u00f1o gr\u00e1fico y la ilustraci\u00f3n desde 2000, actualmente como freelance. Estudi\u00e9 ilustraci\u00f3n en la escuela de Artes y Oficios, tambi\u00e9n arte y dise\u00f1o en la facultad de\u2026 <a class=\"continue-reading-link\" href=\"https:\/\/giselafernandez.es\/wordpress\/sobre-mi\/\">Continue reading<\/a><\/p>\n","protected":false},"author":1,"featured_media":2622,"parent":0,"menu_order":0,"comment_status":"closed","ping_status":"closed","template":"templates\/template-onecolumn.php","meta":{"ngg_post_thumbnail":0,"jetpack_post_was_ever_published":false,"footnotes":""},"class_list":["post-300","page","type-page","status-publish","has-post-thumbnail","hentry"],"aioseo_notices":[],"jetpack_sharing_enabled":true,"jetpack_shortlink":"https:\/\/wp.me\/P82I4X-4Q","_links":{"self":[{"href":"https:\/\/giselafernandez.es\/wordpress\/wp-json\/wp\/v2\/pages\/300","targetHints":{"allow":["GET"]}}],"collection":[{"href":"https:\/\/giselafernandez.es\/wordpress\/wp-json\/wp\/v2\/pages"}],"about":[{"href":"https:\/\/giselafernandez.es\/wordpress\/wp-json\/wp\/v2\/types\/page"}],"author":[{"embeddable":true,"href":"https:\/\/giselafernandez.es\/wordpress\/wp-json\/wp\/v2\/users\/1"}],"replies":[{"embeddable":true,"href":"https:\/\/giselafernandez.es\/wordpress\/wp-json\/wp\/v2\/comments?post=300"}],"version-history":[{"count":111,"href":"https:\/\/giselafernandez.es\/wordpress\/wp-json\/wp\/v2\/pages\/300\/revisions"}],"predecessor-version":[{"id":2631,"href":"https:\/\/giselafernandez.es\/wordpress\/wp-json\/wp\/v2\/pages\/300\/revisions\/2631"}],"wp:featuredmedia":[{"embeddable":true,"href":"https:\/\/giselafernandez.es\/wordpress\/wp-json\/wp\/v2\/media\/2622"}],"wp:attachment":[{"href":"https:\/\/giselafernandez.es\/wordpress\/wp-json\/wp\/v2\/media?parent=300"}],"curies":[{"name":"wp","href":"https:\/\/api.w.org\/{rel}","templated":true}]}}